{"id":1023,"date":"2015-06-03T16:12:49","date_gmt":"2015-06-03T19:12:49","guid":{"rendered":"http:\/\/etecia.com.br\/portaletecia\/?page_id=1023"},"modified":"2015-06-03T16:12:49","modified_gmt":"2015-06-03T19:12:49","slug":"apm","status":"publish","type":"page","link":"https:\/\/etecia.com.br\/?page_id=1023","title":{"rendered":"APM"},"content":{"rendered":"<ul>\n<li><a href=\"http:\/\/etecia.com.br\/portaletecia\/wp-content\/uploads\/2015\/06\/Plano-de-Trabalho-da-APM_2017.pdf\"><span style=\"text-decoration: underline;\"><b>Plano de Trabalho da APM<\/b><\/span><\/a><\/li>\n<li><a href=\"http:\/\/etecia.com.br\/portaletecia\/wp-content\/uploads\/2015\/06\/Diretoria-da-APM.pdf\"><span style=\"text-decoration: underline;\">Membros da APM<\/span><\/a><\/li>\n<\/ul>\n<p>&nbsp;<\/p>\n<h1><strong>ESTATUTO SOCIAL<\/strong><\/h1>\n<p><strong>DA<\/strong><\/p>\n<p><strong>ASSOCIA\u00c7\u00c3O DE PAIS E MESTRES DA ETEC IRM\u00c3 AGOSTINA<\/strong><\/p>\n<p><strong>CNPJ 14.456.684\/0001-45<\/strong><\/p>\n<p><strong>VINCULADA<\/strong><\/p>\n<p><strong>A ESCOLA T\u00c9CNICA ESTUDUAL IRM\u00c3 AGOSTINA<\/strong><\/p>\n<p><strong>\u00a0<\/strong><\/p>\n<p><strong>CAP\u00cdTULO I<\/strong><\/p>\n<p><strong>Da Institui\u00e7\u00e3o, da Natureza e Finalidade da Associa\u00e7\u00e3o <\/strong><\/p>\n<p><strong>\u00a0<\/strong><\/p>\n<p><strong>SE\u00c7\u00c3O I<\/strong><\/p>\n<h2>Da Institui\u00e7\u00e3o<\/h2>\n<p><strong>Artigo 1\u00ba &#8211;<\/strong> A ASSOCIA\u00c7\u00c3O DE PAIS E MESTRES DA ETEC IRM\u00c3 AGOSTINA, inscrita no CNPJ 14.456.684\/0001-45, fundada em 05 de maio de 2.011, \u00e9 uma associa\u00e7\u00e3o civil, pessoa jur\u00eddica de direito privado, sem finalidade lucrativa, designada simplesmente APM, com sede na Av. Feliciano Correia, s\/n\u00ba &#8211; Jardim Sat\u00e9lite \u2013 CEP 04815-240, na Cidade de S\u00e3o Paulo &#8211; Estado de S\u00e3o Paulo, reger-se-\u00e1 pelas presentes normas estatut\u00e1rias.<\/p>\n<p>&nbsp;<\/p>\n<p><strong>SE\u00c7\u00c3O II<\/strong><\/p>\n<h2>Da Natureza e Finalidade<\/h2>\n<p><strong>Artigo 2\u00ba<\/strong> &#8211; A APM, institui\u00e7\u00e3o auxiliar da escola, ter\u00e1 por finalidade colaborar no aprimoramento do processo educacional, na assist\u00eancia ao escolar e na integra\u00e7\u00e3o fam\u00edlia-escola-comunidade.<\/p>\n<p><strong>Artigo 3\u00ba<\/strong> &#8211; A APM, entidade com objetivos sociais e educativos, n\u00e3o ter\u00e1 car\u00e1ter pol\u00edtico, racial ou religioso e nem finalidades lucrativas.<\/p>\n<p><strong>Artigo 4\u00ba<\/strong> &#8211; Para a consecu\u00e7\u00e3o dos fins a que se referem os artigos anteriores, a Associa\u00e7\u00e3o se prop\u00f5e a:<\/p>\n<p>I.\u00a0\u00a0\u00a0\u00a0\u00a0\u00a0\u00a0\u00a0\u00a0\u00a0\u00a0 Colaborar com a dire\u00e7\u00e3o do estabelecimento para atingir os objetivos educacionais propostos pela escola;<\/p>\n<p>II.\u00a0\u00a0\u00a0\u00a0\u00a0\u00a0\u00a0\u00a0\u00a0\u00a0\u00a0 Representar as aspira\u00e7\u00f5es da comunidade e dos pais de alunos junto \u00e0 escola;<\/p>\n<p>III.\u00a0\u00a0\u00a0\u00a0\u00a0\u00a0\u00a0\u00a0\u00a0\u00a0\u00a0 Mobilizar os recursos humanos, materiais e financeiros da comunidade, para auxiliar a escola, no que diz respeito a:<\/p>\n<p>&nbsp;<\/p>\n<p>a) a melhoria do ensino;<\/p>\n<p>b) o desenvolvimento de atividades de assist\u00eancia ao escolar carente, nas \u00e1reas s\u00f3cio econ\u00f4mica e de sa\u00fade;<\/p>\n<p>c) a conserva\u00e7\u00e3o e manuten\u00e7\u00e3o do pr\u00e9dio, m\u00e1quinas e equipamentos e das instala\u00e7\u00f5es t\u00e9cnicas;<\/p>\n<p>d) programa\u00e7\u00e3o de atividades culturais e lazer que envolvam a participa\u00e7\u00e3o conjunta de pais, professores e alunos;<\/p>\n<p>e) a execu\u00e7\u00e3o de pequenas obras de constru\u00e7\u00e3o no pr\u00e9dio escolar, que dever\u00e1 ser acompanhada e fiscalizada pela\u00a0\u00a0\u00a0\u00a0 Funda\u00e7\u00e3o para o Desenvolvimento da Educa\u00e7\u00e3o \u2013 FDE.<\/p>\n<p>IV.\u00a0\u00a0\u00a0\u00a0\u00a0\u00a0\u00a0\u00a0\u00a0\u00a0\u00a0\u00a0\u00a0\u00a0\u00a0\u00a0\u00a0\u00a0\u00a0\u00a0\u00a0\u00a0\u00a0 Colaborar na programa\u00e7\u00e3o do uso do pr\u00e9dio da escola pela comunidade, principalmente nos per\u00edodos ociosos;<\/p>\n<p>V.\u00a0\u00a0\u00a0\u00a0\u00a0\u00a0\u00a0\u00a0\u00a0\u00a0\u00a0 Favorecer o entrosamento entre pais e professores;<\/p>\n<p>VI.\u00a0\u00a0\u00a0\u00a0\u00a0\u00a0\u00a0\u00a0\u00a0\u00a0\u00a0 Prestar servi\u00e7os \u00e0 comunidade, oferecendo cursos, de forma\u00e7\u00e3o inicial e continuada de trabalhadores, promovendo eventos e outras atividades mediante retribui\u00e7\u00e3o financeira, atrav\u00e9s de conv\u00eanios, parcerias, termo de coopera\u00e7\u00e3o ou de iniciativa pr\u00f3pria.<\/p>\n<p><strong>Artigo 5\u00ba<\/strong> &#8211; As atividades a serem desenvolvidas para alcan\u00e7ar os objetivos especificados nos incisos do artigo anterior, dever\u00e3o integrar a Proposta Pedag\u00f3gica da U.E.<\/p>\n<p><strong>SE\u00c7\u00c3O III<\/strong><\/p>\n<h2>Dos Meios e Recursos<\/h2>\n<p><strong>Artigo 6\u00ba<\/strong> &#8211; Os meios e recursos para atender os objetivos da APM, ser\u00e3o obtidos atrav\u00e9s de:<\/p>\n<p>I-\u00a0\u00a0\u00a0\u00a0\u00a0\u00a0\u00a0\u00a0\u00a0\u00a0\u00a0\u00a0\u00a0\u00a0\u00a0\u00a0\u00a0\u00a0\u00a0 contribui\u00e7\u00e3o dos associados;<\/p>\n<p>II-\u00a0\u00a0\u00a0\u00a0\u00a0\u00a0\u00a0\u00a0\u00a0\u00a0\u00a0\u00a0\u00a0\u00a0\u00a0\u00a0 conv\u00eanios e parcerias;<\/p>\n<p>III-\u00a0\u00a0\u00a0\u00a0\u00a0\u00a0\u00a0\u00a0\u00a0\u00a0\u00a0\u00a0\u00a0\u00a0 subven\u00e7\u00f5es diversas;<\/p>\n<p>IV-\u00a0\u00a0\u00a0\u00a0\u00a0\u00a0\u00a0\u00a0\u00a0\u00a0\u00a0\u00a0\u00a0\u00a0 doa\u00e7\u00f5es;<\/p>\n<p>V-\u00a0\u00a0\u00a0\u00a0\u00a0\u00a0\u00a0\u00a0\u00a0\u00a0\u00a0\u00a0\u00a0\u00a0\u00a0\u00a0\u00a0 promo\u00e7\u00f5es diversas;<\/p>\n<p>VI-\u00a0\u00a0\u00a0\u00a0\u00a0\u00a0\u00a0\u00a0\u00a0\u00a0\u00a0\u00a0\u00a0\u00a0 retribui\u00e7\u00e3o pelos servi\u00e7os e atendimento prestados \u00e0 comunidade, na forma prevista pelo inciso VI do artigo 4\u00ba;<\/p>\n<p>VII-\u00a0\u00a0\u00a0\u00a0\u00a0\u00a0\u00a0\u00a0\u00a0\u00a0\u00a0\u00a0 outras fontes.<\/p>\n<p>Artigo 7\u00ba &#8211; A contribui\u00e7\u00e3o a que se refere o inciso I do artigo anterior ser\u00e1 sempre facultativa.<\/p>\n<p>\u00a7 1\u00ba &#8211; O car\u00e1ter facultativo das contribui\u00e7\u00f5es n\u00e3o isenta os associados do dever moral de, dentro de suas possibilidades, cooperar para a constitui\u00e7\u00e3o do fundo financeiro da Associa\u00e7\u00e3o.<\/p>\n<ul>\n<li><strong>2\u00ba<\/strong> &#8211; No final de cada ano ser\u00e3o fixadas a forma e a \u00e9poca para a campanha de arrecada\u00e7\u00e3o das contribui\u00e7\u00f5es dos associados, para o per\u00edodo letivo subsequente.<\/li>\n<\/ul>\n<p>\u00a7 3\u00ba &#8211; As contribui\u00e7\u00f5es ser\u00e3o depositadas nas ag\u00eancias do Banco do Brasil S\/A, em conta vinculada \u00e0 APM, que s\u00f3 poder\u00e1 ser movimentada conjuntamente, pelo Diretor Executivo e Diretor Financeiro.<\/p>\n<p>\u00a7 4\u00ba &#8211; Nas localidades onde n\u00e3o houver os estabelecimentos de cr\u00e9dito referidos no par\u00e1grafo anterior, as contribui\u00e7\u00f5es ser\u00e3o depositadas nas ag\u00eancias banc\u00e1rias onde o Estado ou a Prefeitura mantiverem transa\u00e7\u00f5es.<\/p>\n<p><strong>Artigo 8\u00ba <\/strong>&#8211; A aplica\u00e7\u00e3o dos recursos financeiros constar\u00e1 do Plano Anual de Trabalho da APM, integrando o plano escolar, consoante delibera\u00e7\u00e3o do Conselho de Escola.<\/p>\n<p><strong>CAP\u00cdTULO II<\/strong><\/p>\n<p><strong>Dos Associados, Direitos e Deveres<\/strong><\/p>\n<p><strong>SE\u00c7\u00c3O I<\/strong><\/p>\n<p><strong>Dos Associados e Admiss\u00e3o<\/strong><\/p>\n<p>Artigo 9\u00ba &#8211; O quadro social da APM, constitu\u00eddo por n\u00famero ilimitado de associados, ser\u00e1 composto de:<\/p>\n<p>I-\u00a0\u00a0\u00a0\u00a0\u00a0\u00a0\u00a0\u00a0\u00a0\u00a0\u00a0\u00a0\u00a0\u00a0\u00a0\u00a0\u00a0\u00a0\u00a0 associados natos;<\/p>\n<p>II-\u00a0\u00a0\u00a0\u00a0\u00a0\u00a0\u00a0\u00a0\u00a0\u00a0\u00a0\u00a0\u00a0\u00a0\u00a0\u00a0 associados admitidos;<\/p>\n<p>III-\u00a0\u00a0\u00a0\u00a0\u00a0\u00a0\u00a0\u00a0\u00a0\u00a0\u00a0\u00a0\u00a0\u00a0 associados honor\u00e1rios.<\/p>\n<p>\u00a7 1\u00ba &#8211; Ser\u00e3o associados natos o Diretor de Escola, os professores e demais integrantes dos n\u00facleos de gest\u00e3o, os pais de alunos e os alunos maiores de 18 anos, desde que concorde.<\/p>\n<p>\u00a7 2\u00ba &#8211; Ser\u00e3o associados admitidos os pais de ex-alunos, os ex-alunos maiores de 18 anos, os ex-professores e demais membros da comunidade, desde que concordes e aceitos conforme as normas estatut\u00e1rias.<\/p>\n<p><strong>\u00a73\u00ba<\/strong> &#8211; Ser\u00e3o considerados associados honor\u00e1rios, a crit\u00e9rio do Conselho Deliberativo, aqueles que \u00a0\u00a0\u00a0\u00a0tenham prestado relevantes servi\u00e7os \u00e0 Educa\u00e7\u00e3o e a APM.<\/p>\n<p><strong>\u00a74\u00ba<\/strong>&#8211; A admiss\u00e3o de associados se dar\u00e1 independente de classe social, nacionalidade, sexo, ra\u00e7a, cor e cren\u00e7a religiosa, e para seu ingresso, o interessado dever\u00e1 preencher ficha de inscri\u00e7\u00e3o e submet\u00ea-la a aprova\u00e7\u00e3o da Diretoria Executiva e concordar com o presente estatuto.<strong> \u00a0\u00a0\u00a0\u00a0<\/strong><\/p>\n<p><strong>\u00a0\u00a0\u00a0\u00a0\u00a0\u00a0 SE\u00c7\u00c3O II<\/strong><\/p>\n<p><strong>Dos Direitos e Deveres, Demiss\u00e3o e Exclus\u00e3o<\/strong><\/p>\n<p>Artigo 10 &#8211; Constituem direitos dos associados:<\/p>\n<p>I.\u00a0\u00a0\u00a0\u00a0\u00a0\u00a0\u00a0\u00a0\u00a0\u00a0\u00a0\u00a0\u00a0\u00a0\u00a0\u00a0\u00a0\u00a0\u00a0\u00a0\u00a0\u00a0\u00a0 apresentar sugest\u00f5es e oferecer colabora\u00e7\u00e3o aos dirigentes dos v\u00e1rios \u00f3rg\u00e3os da APM;<\/p>\n<p>II.\u00a0\u00a0\u00a0\u00a0\u00a0\u00a0\u00a0\u00a0\u00a0\u00a0\u00a0\u00a0\u00a0\u00a0\u00a0\u00a0\u00a0\u00a0\u00a0\u00a0\u00a0\u00a0\u00a0 receber informa\u00e7\u00f5es sobre a orienta\u00e7\u00e3o pedag\u00f3gica da escola e o ensino ministrado ao \u00a0\u00a0\u00a0\u00a0\u00a0educando;<\/p>\n<p>III.\u00a0\u00a0\u00a0\u00a0\u00a0\u00a0\u00a0\u00a0\u00a0\u00a0\u00a0\u00a0\u00a0\u00a0\u00a0\u00a0\u00a0\u00a0\u00a0\u00a0\u00a0\u00a0\u00a0 participar das atividades culturais, sociais, esportivas e c\u00edvicas organizadas pela APM;<\/p>\n<p>IV.\u00a0\u00a0\u00a0\u00a0\u00a0\u00a0\u00a0\u00a0\u00a0\u00a0\u00a0\u00a0\u00a0\u00a0\u00a0\u00a0\u00a0\u00a0\u00a0\u00a0\u00a0\u00a0\u00a0 votar e ser votado nos termos do presente Estatuto;<\/p>\n<p>V.\u00a0\u00a0\u00a0\u00a0\u00a0\u00a0\u00a0\u00a0\u00a0\u00a0\u00a0\u00a0\u00a0\u00a0\u00a0\u00a0\u00a0\u00a0\u00a0\u00a0\u00a0\u00a0\u00a0 solicitar, quando em Assembleia Geral, esclarecimentos a respeito da utiliza\u00e7\u00e3o dos recursos \u00a0\u00a0\u00a0\u00a0financeiros da APM;<\/p>\n<p>VI.\u00a0\u00a0\u00a0\u00a0\u00a0\u00a0\u00a0\u00a0\u00a0\u00a0\u00a0\u00a0\u00a0\u00a0\u00a0\u00a0\u00a0\u00a0\u00a0\u00a0\u00a0\u00a0\u00a0 apresentar pessoas da comunidade para amplia\u00e7\u00e3o do quadro social;<\/p>\n<p>VII.\u00a0\u00a0\u00a0\u00a0\u00a0\u00a0\u00a0\u00a0\u00a0\u00a0\u00a0\u00a0\u00a0\u00a0\u00a0\u00a0\u00a0\u00a0\u00a0\u00a0\u00a0\u00a0\u00a0 demitir-se quando julgar conveniente, protocolando junto \u00e0 Secret\u00e1ria da APM seu pedido de<\/p>\n<p>demiss\u00e3o<strong>.<\/strong><\/p>\n<p>Artigo 11 &#8211; Constituem deveres dos associados:<\/p>\n<p>I-\u00a0\u00a0\u00a0\u00a0\u00a0\u00a0\u00a0\u00a0\u00a0\u00a0\u00a0\u00a0\u00a0\u00a0\u00a0\u00a0\u00a0\u00a0\u00a0 defender, por atos e palavras, o bom nome da Escola e da APM;<\/p>\n<p>II-\u00a0\u00a0\u00a0\u00a0\u00a0\u00a0\u00a0\u00a0\u00a0\u00a0\u00a0\u00a0\u00a0\u00a0\u00a0\u00a0 conhecer o Estatuto da APM;<\/p>\n<p>III-\u00a0\u00a0\u00a0\u00a0\u00a0\u00a0\u00a0\u00a0\u00a0\u00a0\u00a0\u00a0\u00a0\u00a0 participar das reuni\u00f5es para as quais foram convocados;<\/p>\n<p>IV-\u00a0\u00a0\u00a0\u00a0\u00a0\u00a0\u00a0\u00a0\u00a0\u00a0\u00a0\u00a0\u00a0\u00a0 desempenhar, responsavelmente, os cargos e as miss\u00f5es que lhes forem confiados;<\/p>\n<p>V-\u00a0\u00a0\u00a0\u00a0\u00a0\u00a0\u00a0\u00a0\u00a0\u00a0\u00a0\u00a0\u00a0\u00a0\u00a0\u00a0\u00a0 concorrer para estreitar as rela\u00e7\u00f5es de amizade entre todos os associados e incentivar a participa\u00e7\u00e3o comunit\u00e1ria na escola;<\/p>\n<p>VI-\u00a0\u00a0\u00a0\u00a0\u00a0\u00a0\u00a0\u00a0\u00a0\u00a0\u00a0\u00a0\u00a0\u00a0 cooperar, dentro de suas possibilidades, para a constitui\u00e7\u00e3o do fundo financeiro da APM;<\/p>\n<p>VII-\u00a0\u00a0\u00a0\u00a0\u00a0\u00a0\u00a0\u00a0\u00a0\u00a0\u00a0\u00a0 prestar \u00e0 APM, servi\u00e7os gerais ou de sua especialidade profissional, dentro e conforme suas possibilidades;<\/p>\n<p>VIII-\u00a0\u00a0\u00a0\u00a0\u00a0\u00a0\u00a0\u00a0\u00a0 zelar pela conserva\u00e7\u00e3o e manuten\u00e7\u00e3o do pr\u00e9dio, da \u00e1rea do terreno e equipamentos escolares;<\/p>\n<p>IX \u2013 \u00a0\u00a0\u00a0\u00a0\u00a0 responsabilizar-se pelo uso do pr\u00e9dio, de suas depend\u00eancias e equipamentos, quando encarregados diretos da execu\u00e7\u00e3o de atividades programada pela APM.<\/p>\n<p>Artigo 12 \u2013 A exclus\u00e3o do associado do quadro social s\u00f3 \u00e9 admiss\u00edvel havendo justa causa, assim reconhecida em procedimento que assegure direito de defesa perante a Diretoria Executiva e de recurso para o Conselho Deliberativo, que se reunir\u00e1 em sess\u00e3o extraordin\u00e1ria para apreciar o fato.<\/p>\n<p>\u00a7 1\u00ba &#8211; O associado ser\u00e1 cientificado, por escrito e pessoalmente, dos fatos que lhe s\u00e3o imputados e das conseq\u00fc\u00eancias a que estar\u00e1 sujeito, para, no prazo de 15 (quinze) dias oferecer defesa e indicar, justificadamente, as provas que pretende produzir, cuja pertin\u00eancia ser\u00e1 aferida, de forma motivada, pela Diretoria Executiva.<\/p>\n<p><strong>\u00a7 2\u00ba<\/strong> &#8211; Decorrido \u201c<strong>in albis<\/strong>\u201d o prazo previsto no par\u00e1grafo anterior, ou produzidas as provas deferidas pela Diretoria Executiva, ser\u00e1 o associado notificado, pessoalmente, para oferecer suas raz\u00f5es finais, no prazo de 7 (sete) dias, dirigidas \u00e0 Diretoria Executiva, que decidir\u00e1, motivadamente, no prazo de 20 (vinte) dias, comunicando a decis\u00e3o ao Conselho Deliberativo.<\/p>\n<p><strong>\u00a7 3\u00ba<\/strong> &#8211; Intimado o associado, pessoalmente da decis\u00e3o, poder\u00e1 interpor recurso no prazo de 15 (quinze) dias, dirigido ao Conselho Deliberativo, que decidir\u00e1, de maneira motivada, no prazo de 20 (vinte) dias.<\/p>\n<p><strong>\u00a7 4\u00ba<\/strong> &#8211; Os prazos para apresenta\u00e7\u00e3o de defesa, raz\u00f5es finais e interposi\u00e7\u00e3o do recurso ser\u00e3o contados por dias corridos, excluindo-se o dia do come\u00e7o e incluindo-se o do vencimento.<\/p>\n<p><strong>\u00a7 5\u00ba<\/strong> &#8211; Considera-se prorrogado o prazo at\u00e9 o primeiro dia \u00fatil se o vencimento ocorrer em s\u00e1bado, domingo ou feriado.<\/p>\n<p><strong>\u00a7 6\u00ba<\/strong> &#8211; Os prazos somente come\u00e7am a correr a partir do primeiro dia \u00fatil ap\u00f3s a intima\u00e7\u00e3o.<\/p>\n<p><strong>\u00a0\u00a0\u00a0\u00a0\u00a0\u00a0\u00a0\u00a0\u00a0\u00a0\u00a0\u00a0\u00a0\u00a0\u00a0\u00a0\u00a0\u00a0\u00a0\u00a0\u00a0\u00a0\u00a0\u00a0\u00a0\u00a0\u00a0\u00a0\u00a0\u00a0\u00a0\u00a0\u00a0\u00a0\u00a0\u00a0\u00a0\u00a0\u00a0\u00a0\u00a0\u00a0\u00a0\u00a0\u00a0\u00a0\u00a0\u00a0\u00a0\u00a0\u00a0\u00a0\u00a0\u00a0\u00a0\u00a0\u00a0\u00a0\u00a0\u00a0\u00a0\u00a0\u00a0\u00a0\u00a0\u00a0 CAP\u00cdTULO III<\/strong><\/p>\n<p><strong>Da Administra\u00e7\u00e3o<\/strong><\/p>\n<p><strong>SE\u00c7\u00c3O I<\/strong><\/p>\n<p><strong>Dos \u00d3rg\u00e3os Diretores<\/strong><\/p>\n<p><strong>Artigo 13<\/strong> &#8211; A APM ser\u00e1 administrada pelos seguintes \u00f3rg\u00e3os:<\/p>\n<p>I-\u00a0\u00a0\u00a0\u00a0\u00a0\u00a0\u00a0\u00a0\u00a0\u00a0\u00a0\u00a0\u00a0\u00a0\u00a0\u00a0\u00a0\u00a0\u00a0 Assembleia Geral;<\/p>\n<p>II-\u00a0\u00a0\u00a0\u00a0\u00a0\u00a0\u00a0\u00a0\u00a0\u00a0\u00a0\u00a0\u00a0\u00a0\u00a0\u00a0 Conselho Deliberativo;<\/p>\n<p>III-\u00a0\u00a0\u00a0\u00a0\u00a0\u00a0\u00a0\u00a0\u00a0\u00a0\u00a0\u00a0\u00a0\u00a0 Diretoria Executiva;<\/p>\n<p>IV-\u00a0\u00a0\u00a0\u00a0\u00a0\u00a0\u00a0\u00a0\u00a0\u00a0\u00a0\u00a0\u00a0\u00a0 Conselho Fiscal.<\/p>\n<p>Artigo 14 &#8211; A Assembl\u00e9ia Geral ser\u00e1 constitu\u00edda pela totalidade dos associados.<\/p>\n<p>\u00a7 1\u00ba &#8211; A Assembl\u00e9ia ser\u00e1 convocada e presidida pelo Diretor da Escola.<\/p>\n<p>\u00a7 2\u00ba- A Assembleia realizar-se-\u00e1, em primeira convoca\u00e7\u00e3o, com a presen\u00e7a de mais da metade dos associados ou, em segunda convoca\u00e7\u00e3o, meia hora depois, com qualquer n\u00famero.<\/p>\n<p><strong>\u00a7 3\u00ba<\/strong> &#8211; Para as delibera\u00e7\u00f5es \u00e9 exigido voto concorde da maioria dos presentes \u00e0 Assembleia.<\/p>\n<p>Artigo 15 -Cabe \u00e0 Assembleia Geral:<\/p>\n<p>I &#8211;\u00a0\u00a0\u00a0\u00a0\u00a0\u00a0\u00a0\u00a0\u00a0\u00a0\u00a0 Eleger e destituir membros do Conselho Deliberativo, do Conselho Fiscal e da Diretoria Executiva;<\/p>\n<p>II- \u00a0\u00a0\u00a0\u00a0\u00a0\u00a0\u00a0 apreciar o balan\u00e7o anual e os balancetes semestrais, com o parecer do Conselho Fiscal e aprovar as contas;<\/p>\n<p>III &#8211; \u00a0\u00a0\u00a0\u00a0\u00a0\u00a0 propor e aprovar a \u00e9poca e a forma das contribui\u00e7\u00f5es dos associados, obedecendo ao que disp\u00f5e o artigo 7\u00ba do presente Estatuto;<\/p>\n<p>IV- \u00a0\u00a0\u00a0\u00a0\u00a0\u00a0\u00a0\u00a0 reunir-se, ordinariamente, pelo menos 1 (uma) vez cada semestre;<\/p>\n<p>V &#8211; \u00a0\u00a0\u00a0\u00a0\u00a0\u00a0\u00a0\u00a0\u00a0 reunir-se, extraordinariamente, convocada pelo Diretor da Escola ou por 2\/3 (dois ter\u00e7os) dos membros do Conselho Deliberativo ou por 1\/5 (um quinto) dos associados;<\/p>\n<p><strong>\u00a0\u00a0\u00a0\u00a0\u00a0\u00a0\u00a0\u00a0\u00a0\u00a0\u00a0\u00a0\u00a0\u00a0\u00a0 <\/strong>VI- \u00a0\u00a0\u00a0\u00a0\u00a0\u00a0\u00a0 destituir os administradores eleitos;<\/p>\n<p><strong>\u00a0\u00a0\u00a0\u00a0\u00a0\u00a0\u00a0\u00a0\u00a0\u00a0\u00a0\u00a0\u00a0\u00a0\u00a0 <\/strong>VII &#8211; \u00a0\u00a0\u00a0\u00a0\u00a0 deliberar sobre altera\u00e7\u00e3o do Estatuto.<\/p>\n<p><strong>Par\u00e1grafo \u00fanico: <\/strong>A destitui\u00e7\u00e3o de administradores e a altera\u00e7\u00e3o do Estatuto, ser\u00e3o deliberada em Assembleia Geral convocada especialmente para tais fins.<\/p>\n<p><strong>Artigo 16<\/strong> &#8211; O Conselho Deliberativo dever\u00e1 ser constitu\u00eddo de no m\u00ednimo, 11 (onze) membros.<\/p>\n<p><strong>\u00a71\u00ba<\/strong> &#8211; O Diretor da Escola ser\u00e1 o seu presidente nato.<\/p>\n<p><strong>\u00a72\u00ba<\/strong> &#8211; Os demais componentes, eleitos em Assembl\u00e9ia Geral, obedecer\u00e3o as seguintes propor\u00e7\u00f5es:<\/p>\n<p><strong>\u00a0\u00a0\u00a0\u00a0\u00a0\u00a0\u00a0\u00a0 \u00a0\u00a0\u00a0\u00a0\u00a0 a) <\/strong>30% dos membros ser\u00e3o professores;<\/p>\n<p><strong>b)<\/strong> 40% dos membros ser\u00e3o pais de alunos;<\/p>\n<p><strong>c)<\/strong> 20% dos membros ser\u00e3o alunos maiores de 18 anos;<\/p>\n<p><strong>d)<\/strong> 10% dos membros ser\u00e3o associados admitidos.<\/p>\n<p><strong>\u00a73\u00ba<\/strong> &#8211; N\u00e3o sendo atingidas as propor\u00e7\u00f5es enumeradas nas al\u00edneas \u201cc\u201d e \u201cd\u201d do par\u00e1grafo anterior, as vagas ser\u00e3o preenchidas, respectivamente, por elementos da escola e pais de alunos, na propor\u00e7\u00e3o fixada no par\u00e1grafo anterior.<\/p>\n<p>\u00a74\u00ba &#8211; Os professores com filhos matriculados na Escola somente poder\u00e3o integrar o segmento professor.<\/p>\n<p>Artigo 17 &#8211; Cabe ao Conselho Deliberativo:<\/p>\n<p>I.\u00a0\u00a0\u00a0\u00a0\u00a0\u00a0\u00a0\u00a0\u00a0\u00a0\u00a0\u00a0\u00a0\u00a0\u00a0\u00a0\u00a0\u00a0 divulgar a todos os associados os nomes dos eleitos na forma do artigo 15, inciso I, bem como<\/p>\n<p>as normas do presente estatuto, para conhecimento geral;<\/p>\n<p>II.\u00a0\u00a0\u00a0\u00a0\u00a0\u00a0\u00a0\u00a0\u00a0\u00a0\u00a0\u00a0\u00a0\u00a0\u00a0\u00a0\u00a0\u00a0 deliberar sobre o disposto no artigo 4\u00ba, no inciso IV do artigo 32 e artigo 44;<\/p>\n<p>III.\u00a0\u00a0\u00a0\u00a0\u00a0\u00a0\u00a0\u00a0\u00a0\u00a0\u00a0\u00a0\u00a0\u00a0\u00a0\u00a0\u00a0\u00a0 aprovar o Plano Anual de Trabalho e o Plano de Aplica\u00e7\u00e3o de Recursos, consoante delibera\u00e7\u00e3o<\/p>\n<p>do Conselho de Escola;<\/p>\n<p>IV.\u00a0\u00a0\u00a0\u00a0\u00a0\u00a0\u00a0\u00a0\u00a0\u00a0\u00a0\u00a0\u00a0\u00a0\u00a0\u00a0\u00a0\u00a0 participar do Conselho de Escola, atrav\u00e9s de um de seus membros, que dever\u00e1 ser,<\/p>\n<p>obrigatoriamente, pai de aluno;<\/p>\n<p>V.\u00a0\u00a0\u00a0\u00a0\u00a0\u00a0\u00a0\u00a0\u00a0\u00a0\u00a0\u00a0\u00a0\u00a0\u00a0\u00a0\u00a0\u00a0 realizar estudos e emitir pareceres sobre quest\u00f5es omissas no Estatuto, submetendo-o \u00e0<\/p>\n<p>aprecia\u00e7\u00e3o dos \u00f3rg\u00e3os superiores do CEETEPS;<\/p>\n<p>VI.\u00a0\u00a0\u00a0\u00a0\u00a0\u00a0\u00a0\u00a0\u00a0\u00a0\u00a0\u00a0\u00a0\u00a0\u00a0\u00a0\u00a0\u00a0 emitir parecer sobre as contas apresentadas pela Diretoria Executiva, submetendo-as \u00e0<\/p>\n<p>aprecia\u00e7\u00e3o da Assembleia Geral;<\/p>\n<p>VII.\u00a0\u00a0\u00a0\u00a0\u00a0\u00a0\u00a0\u00a0\u00a0\u00a0\u00a0\u00a0\u00a0\u00a0\u00a0\u00a0\u00a0\u00a0 reunir-se, ordinariamente, pelo menos 1 (uma) vez por trimestre e, extraordinariamente, sempre<\/p>\n<p>que convocado, a crit\u00e9rio de seu Presidente ou de 2\/3 (dois ter\u00e7os) de seus membros.<\/p>\n<p><strong>Par\u00e1grafo \u00fanico:<\/strong> As decis\u00f5es do Conselho Deliberativo s\u00f3 ter\u00e3o validade se aprovadas por maioria<\/p>\n<p>absoluta (1\u00aa convoca\u00e7\u00e3o) ou maioria simples (2\u00aa convoca\u00e7\u00e3o) de seus membros.<\/p>\n<p><strong>Artigo 18<\/strong> \u2013 Cabe ao Presidente do Conselho Deliberativo:<\/p>\n<p>I-\u00a0\u00a0\u00a0\u00a0\u00a0\u00a0\u00a0\u00a0\u00a0\u00a0\u00a0\u00a0\u00a0\u00a0\u00a0\u00a0\u00a0\u00a0\u00a0 Convocar e presidir as reuni\u00f5es da Assembl\u00e9ia Geral e do Conselho Deliberativo;<\/p>\n<p>II-\u00a0\u00a0\u00a0\u00a0\u00a0\u00a0\u00a0\u00a0\u00a0\u00a0\u00a0\u00a0\u00a0\u00a0\u00a0\u00a0 Indicar um Secret\u00e1rio, dentre os membros do Conselho Deliberativo;<\/p>\n<p>III-\u00a0\u00a0\u00a0\u00a0\u00a0\u00a0\u00a0\u00a0\u00a0\u00a0\u00a0\u00a0\u00a0\u00a0 Informar os conselheiros sobre as necessidades da escola e dos alunos.<\/p>\n<p><strong>Artigo 19<\/strong> \u2013 O mandato dos conselheiros ser\u00e1 de 01 (um) ano, sendo permitida a recondu\u00e7\u00e3o por mais<\/p>\n<p>2 (duas) vezes.<\/p>\n<p><strong>Par\u00e1grafo \u00fanico:<\/strong> Perder\u00e1 o mandato o membro do Conselho Deliberativo que faltar a 2 (duas)<strong>\u00a0\u00a0\u00a0\u00a0\u00a0\u00a0\u00a0\u00a0\u00a0\u00a0\u00a0\u00a0\u00a0\u00a0\u00a0\u00a0\u00a0\u00a0\u00a0\u00a0\u00a0\u00a0\u00a0\u00a0\u00a0 <\/strong>\u00a0\u00a0\u00a0reuni\u00f5es consecutivas sem causa justificada.<\/p>\n<p><strong>Artigo 20<\/strong> \u2013 A Diretoria Executiva da APM ser\u00e1 composta de:<\/p>\n<p>I- \u00a0\u00a0\u00a0\u00a0\u00a0\u00a0\u00a0\u00a0\u00a0\u00a0 Diretor Executivo;<\/p>\n<p>II- \u00a0\u00a0\u00a0\u00a0\u00a0\u00a0\u00a0\u00a0 Vice-Diretor Executivo;<\/p>\n<p>III- \u00a0\u00a0\u00a0\u00a0\u00a0\u00a0 Secret\u00e1rio;<\/p>\n<p>IV- \u00a0\u00a0\u00a0\u00a0\u00a0\u00a0\u00a0 Diretor Financeiro;<\/p>\n<p>V- \u00a0\u00a0\u00a0\u00a0\u00a0\u00a0\u00a0\u00a0\u00a0 Vice Diretor Financeiro;<\/p>\n<p>VI- \u00a0\u00a0\u00a0\u00a0\u00a0\u00a0\u00a0\u00a0 Diretor Cultural, Esportivo e Social;<\/p>\n<p>VII- \u00a0\u00a0\u00a0\u00a0\u00a0\u00a0 Diretor de Patrim\u00f4nio.<\/p>\n<p><strong>\u00a0Par\u00e1grafo \u00fanico: <\/strong>Poder\u00e1 haver indica\u00e7\u00e3o de alunos para a composi\u00e7\u00e3o da diretoria executiva,<\/p>\n<p>exclusivamente para as fun\u00e7\u00f5es previstas nos incisos III e VI.<\/p>\n<p><strong>Artigo 21<\/strong> \u2013 Cabe \u00e0 Diretoria Executiva:<\/p>\n<p><strong>\u00a0\u00a0\u00a0\u00a0\u00a0\u00a0\u00a0\u00a0 \u00a0\u00a0\u00a0\u00a0\u00a0 <\/strong>I- \u00a0\u00a0\u00a0\u00a0\u00a0\u00a0\u00a0\u00a0\u00a0\u00a0\u00a0 elaborar o Plano Anual de Trabalho, submetendo-o \u00e0 aprova\u00e7\u00e3o do Conselho Deliberativo;<\/p>\n<p><strong>\u00a0\u00a0\u00a0\u00a0\u00a0\u00a0\u00a0\u00a0\u00a0\u00a0\u00a0\u00a0\u00a0\u00a0\u00a0 <\/strong>II-<strong> \u00a0\u00a0\u00a0\u00a0\u00a0\u00a0\u00a0\u00a0\u00a0 <\/strong>colocar em execu\u00e7\u00e3o o Plano aprovado e mencionado no inciso anterior;<\/p>\n<p><strong>\u00a0\u00a0\u00a0\u00a0\u00a0\u00a0\u00a0\u00a0\u00a0\u00a0\u00a0\u00a0\u00a0\u00a0\u00a0 <\/strong>III- \u00a0\u00a0\u00a0\u00a0\u00a0\u00a0\u00a0 dar \u00e0 Assembleia Geral conhecimento sobre:<\/p>\n<p><strong>a)\u00a0\u00a0\u00a0\u00a0\u00a0\u00a0 <\/strong>As diretrizes que norteiam a a\u00e7\u00e3o pedag\u00f3gica da escola;<\/p>\n<p><strong>b)\u00a0\u00a0\u00a0\u00a0\u00a0\u00a0 <\/strong>As normas estatut\u00e1rias que regem a APM;<\/p>\n<p><strong>c)\u00a0\u00a0\u00a0\u00a0\u00a0\u00a0 <\/strong>As atividades desenvolvidas pela Associa\u00e7\u00e3o e<\/p>\n<p><strong>d)\u00a0\u00a0\u00a0\u00a0\u00a0\u00a0 <\/strong>A programa\u00e7\u00e3o e aplica\u00e7\u00e3o dos recursos do fundo financeiro.<\/p>\n<p><strong>\u00a0\u00a0\u00a0\u00a0\u00a0\u00a0\u00a0\u00a0 \u00a0 \u00a0\u00a0\u00a0\u00a0<\/strong>IV- \u00a0\u00a0\u00a0\u00a0\u00a0\u00a0\u00a0\u00a0 depositar em conta da APM, em estabelecimento de cr\u00e9dito oficial do Estado de S\u00e3o Paulo, todos os valores recebidos;<\/p>\n<p><strong>\u00a0\u00a0\u00a0\u00a0\u00a0\u00a0\u00a0\u00a0 \u00a0\u00a0\u00a0\u00a0\u00a0 <\/strong>V- \u00a0\u00a0\u00a0\u00a0\u00a0\u00a0\u00a0\u00a0\u00a0\u00a0 tomar medidas de emerg\u00eancia, n\u00e3o previstas no Estatuto, submetendo-as ao \u201creferendo\u201d do Conselho Deliberativo;<\/p>\n<p><strong>\u00a0\u00a0\u00a0\u00a0\u00a0\u00a0\u00a0\u00a0 \u00a0\u00a0\u00a0\u00a0\u00a0 <\/strong>VI- \u00a0\u00a0\u00a0\u00a0\u00a0\u00a0\u00a0\u00a0 reunir-se, ordinariamente, pelo menos 1 (uma) vez por bimestre e, extraordinariamente, a crit\u00e9rio de seu Diretor Executivo ou por solicita\u00e7\u00e3o de 2\/3 (dois ter\u00e7os) de seus membros.<\/p>\n<p><strong>Par\u00e1grafo \u00fanico<\/strong>: A fixa\u00e7\u00e3o das prioridades para aplica\u00e7\u00e3o dos recursos do fundo financeiro dever\u00e1 ser<\/p>\n<p>submetida \u00e0 aprecia\u00e7\u00e3o do Conselho de Escola.<\/p>\n<p><strong>Artigo 22<\/strong> \u2013 Compete ao Diretor Executivo:<\/p>\n<p>I-\u00a0\u00a0\u00a0\u00a0\u00a0\u00a0\u00a0\u00a0\u00a0\u00a0\u00a0\u00a0\u00a0\u00a0\u00a0\u00a0\u00a0\u00a0\u00a0 representar a APM ativa e passivamente, judicial e extrajudicialmente;<\/p>\n<p>II-\u00a0\u00a0\u00a0\u00a0\u00a0\u00a0\u00a0\u00a0\u00a0\u00a0\u00a0\u00a0\u00a0\u00a0\u00a0\u00a0 convocar as reuni\u00f5es da Diretoria Executiva, presidindo-as;<\/p>\n<p>III-\u00a0\u00a0\u00a0\u00a0\u00a0\u00a0\u00a0\u00a0\u00a0\u00a0\u00a0\u00a0\u00a0\u00a0 fazer cumprir as delibera\u00e7\u00f5es do Conselho Deliberativo;<\/p>\n<p>IV-\u00a0\u00a0\u00a0\u00a0\u00a0\u00a0\u00a0\u00a0\u00a0\u00a0\u00a0\u00a0\u00a0\u00a0 apresentar ao Conselho Deliberativo relat\u00f3rio semestral das atividades da Diretoria;<\/p>\n<p>V-\u00a0\u00a0\u00a0\u00a0\u00a0\u00a0\u00a0\u00a0\u00a0\u00a0\u00a0\u00a0\u00a0\u00a0\u00a0\u00a0\u00a0 admitir e\/ou dispensar pessoal de seu quadro, obedecidas as decis\u00f5es do Conselho Deliberativo;<\/p>\n<p>VI-\u00a0\u00a0\u00a0\u00a0\u00a0\u00a0\u00a0\u00a0\u00a0\u00a0\u00a0\u00a0\u00a0\u00a0 movimentar, conjuntamente com o Diretor Financeiro, os recursos da Associa\u00e7\u00e3o;<\/p>\n<p>VII-\u00a0\u00a0\u00a0\u00a0\u00a0\u00a0\u00a0\u00a0\u00a0\u00a0\u00a0\u00a0 visar as contas a serem pagas;<\/p>\n<p>VIII-\u00a0\u00a0\u00a0\u00a0\u00a0\u00a0\u00a0\u00a0\u00a0 submeter os balancetes semestrais e o balan\u00e7o anual ao Conselho Deliberativo e Assembleia Geral, ap\u00f3s aprecia\u00e7\u00e3o escrita do Conselho Fiscal;<\/p>\n<p>IX-\u00a0\u00a0\u00a0\u00a0\u00a0\u00a0\u00a0\u00a0\u00a0\u00a0\u00a0\u00a0\u00a0\u00a0 rubricar e publicar em quadro pr\u00f3prio da APM, os balancetes semestrais e o balan\u00e7o anual.<\/p>\n<p><strong>Artigo 23<\/strong> &#8211; Compete ao Vice-Diretor Executivo auxiliar o Diretor Executivo e substitu\u00ed-lo em seus<\/p>\n<p>impedimentos eventuais.<\/p>\n<p><strong>Artigo 24<\/strong> &#8211; Compete ao Secret\u00e1rio:<\/p>\n<p>I.\u00a0\u00a0\u00a0\u00a0\u00a0\u00a0\u00a0\u00a0\u00a0\u00a0\u00a0 lavrar as atas das reuni\u00f5es e Assembleias Gerais;<\/p>\n<p>II.\u00a0\u00a0\u00a0\u00a0\u00a0\u00a0\u00a0\u00a0\u00a0\u00a0\u00a0 \u00a0\u00a0\u00a0\u00a0\u00a0\u00a0\u00a0\u00a0\u00a0\u00a0\u00a0\u00a0\u00a0\u00a0 redigir circulares e relat\u00f3rios e encarregar-se da correspond\u00eancia social;<\/p>\n<p>III.\u00a0\u00a0\u00a0\u00a0\u00a0\u00a0\u00a0\u00a0\u00a0\u00a0\u00a0 assessorar o Diretor Executivo nas mat\u00e9rias de interesse da Associa\u00e7\u00e3o;<\/p>\n<p>IV.\u00a0\u00a0\u00a0\u00a0\u00a0\u00a0\u00a0\u00a0\u00a0\u00a0\u00a0 organizar e zelar pela conserva\u00e7\u00e3o do arquivo da APM;<\/p>\n<p>V.\u00a0\u00a0\u00a0\u00a0\u00a0\u00a0\u00a0\u00a0\u00a0\u00a0\u00a0 Organizar e manter atualizado o cadastro dos associados da APM.<\/p>\n<p><strong>Artigo 25<\/strong> &#8211; Compete ao Diretor Financeiro:<\/p>\n<p>I.\u00a0\u00a0\u00a0\u00a0\u00a0\u00a0\u00a0\u00a0\u00a0\u00a0\u00a0\u00a0\u00a0\u00a0\u00a0\u00a0\u00a0\u00a0\u00a0\u00a0\u00a0\u00a0\u00a0 \u00a0subscrever com o Diretor Executivo os cheques da conta banc\u00e1ria da APM;<\/p>\n<p>II.\u00a0\u00a0\u00a0\u00a0\u00a0\u00a0\u00a0\u00a0\u00a0\u00a0\u00a0\u00a0\u00a0\u00a0\u00a0\u00a0\u00a0\u00a0\u00a0\u00a0\u00a0\u00a0\u00a0 efetuar, atrav\u00e9s de cheques nominais, os pagamentos autorizados pelo Diretor Executivo, de conformidade com aplica\u00e7\u00e3o de recursos planejada;<\/p>\n<p>III.\u00a0\u00a0\u00a0\u00a0\u00a0\u00a0\u00a0\u00a0\u00a0\u00a0\u00a0\u00a0\u00a0\u00a0\u00a0\u00a0\u00a0\u00a0\u00a0\u00a0\u00a0\u00a0\u00a0 apresentar ao Diretor Executivo os balancetes semestrais e balan\u00e7o anual, acompanhado dos documentos comprobat\u00f3rios de receita e despesa;<\/p>\n<p>IV.\u00a0\u00a0\u00a0\u00a0\u00a0\u00a0\u00a0\u00a0\u00a0\u00a0\u00a0\u00a0\u00a0\u00a0\u00a0\u00a0\u00a0\u00a0\u00a0\u00a0\u00a0\u00a0\u00a0 informar os \u00f3rg\u00e3os diretores da APM sobre a situa\u00e7\u00e3o financeira da Associa\u00e7\u00e3o;<\/p>\n<p>V.\u00a0\u00a0\u00a0\u00a0\u00a0\u00a0\u00a0\u00a0\u00a0\u00a0\u00a0\u00a0\u00a0\u00a0\u00a0\u00a0\u00a0\u00a0\u00a0\u00a0\u00a0\u00a0\u00a0 promover concorr\u00eancia de pre\u00e7os, quanto aos servi\u00e7os e materiais adquiridos pela APM e;<\/p>\n<p>VI.\u00a0\u00a0\u00a0\u00a0\u00a0\u00a0\u00a0\u00a0\u00a0\u00a0\u00a0\u00a0\u00a0\u00a0\u00a0\u00a0\u00a0\u00a0\u00a0\u00a0\u00a0\u00a0\u00a0 \u00a0Arquivar notas fiscais, recibos e documentos relativos aos valores recebidos e pagos pela Associa\u00e7\u00e3o apresentando-os para elabora\u00e7\u00e3o da escritura\u00e7\u00e3o cont\u00e1bil.<\/p>\n<p><strong>Artigo 26<\/strong> &#8211; O cargo de Diretor Financeiro ser\u00e1 sempre ocupado por pai de aluno.<\/p>\n<p><strong>Artigo 27<\/strong> &#8211; Compete ao Vice-Diretor Financeiro auxiliar o Diretor Financeiro e substitu\u00ed-lo em seus<\/p>\n<p>impedimentos eventuais.<\/p>\n<p>&nbsp;<\/p>\n<p><strong>Artigo 28<\/strong> &#8211; Cabe ao diretor Cultural e Esportivo e Social promover a integra\u00e7\u00e3o escola-comunidade atrav\u00e9s de<\/p>\n<p>atividades culturais, esportivas, sociais e assistenciais, assessorado nas atividades a serem<\/p>\n<p>desenvolvidas, pelos professores da Escola.<\/p>\n<p>&nbsp;<\/p>\n<p><strong>Artigo 29<\/strong> &#8211; Cabe ao Diretor de Patrim\u00f4nio manter entendimentos com a Dire\u00e7\u00e3o da Escola no que se refere \u00e0:<\/p>\n<p>I.\u00a0\u00a0\u00a0\u00a0\u00a0\u00a0\u00a0\u00a0\u00a0\u00a0\u00a0 aquisi\u00e7\u00e3o de materiais, inclusive did\u00e1ticos;<\/p>\n<p>II.\u00a0\u00a0\u00a0\u00a0\u00a0\u00a0\u00a0\u00a0\u00a0\u00a0\u00a0 \u00a0\u00a0\u00a0\u00a0\u00a0\u00a0\u00a0\u00a0\u00a0\u00a0\u00a0\u00a0\u00a0\u00a0 manuten\u00e7\u00e3o e conserva\u00e7\u00e3o do pr\u00e9dio e de equipamentos e<\/p>\n<p>III.\u00a0\u00a0\u00a0\u00a0\u00a0\u00a0\u00a0\u00a0\u00a0\u00a0\u00a0 supervis\u00e3o dos servi\u00e7os contratados.<\/p>\n<p><strong>\u00a0\u00a0 Par\u00e1grafo \u00fanico<\/strong> : \u00a0O Diretor de Patrim\u00f4nio poder\u00e1 ser assessorado pelos membros do Conselho de Escola.<\/p>\n<p><strong>Artigo 30<\/strong> \u2013 Os Diretores ter\u00e3o, ainda, por fun\u00e7\u00e3o:<\/p>\n<p>I.\u00a0\u00a0\u00a0\u00a0\u00a0\u00a0\u00a0\u00a0\u00a0\u00a0\u00a0 comparecer \u00e0s reuni\u00f5es da Diretoria, discutindo e votando;<\/p>\n<p>II.\u00a0\u00a0\u00a0\u00a0\u00a0\u00a0\u00a0\u00a0\u00a0\u00a0\u00a0 \u00a0\u00a0\u00a0\u00a0\u00a0\u00a0\u00a0\u00a0\u00a0\u00a0\u00a0\u00a0\u00a0\u00a0 estabelecer contato com as outras APMs ou entidades oficiais e particulares;<\/p>\n<p>III.\u00a0\u00a0\u00a0\u00a0\u00a0\u00a0\u00a0\u00a0\u00a0\u00a0\u00a0 construir comiss\u00f5es auxiliares com vistas \u00e0 descentraliza\u00e7\u00e3o de suas atividades;<\/p>\n<p>IV.\u00a0\u00a0\u00a0\u00a0\u00a0\u00a0\u00a0\u00a0\u00a0\u00a0\u00a0 IV \u2013 elaborar contratos e celebrar conv\u00eanios com a aprova\u00e7\u00e3o do Conselho Deliberativo;<\/p>\n<p><strong>\u00a0 Par\u00e1grafo \u00fanico<\/strong>: A Diretoria Executiva poder\u00e1 elaborar contratos e celebrar conv\u00eanios, nos termos do artigo 6<sup>o<\/sup>, com a aprova\u00e7\u00e3o do Conselho Deliberativo.<\/p>\n<p><strong>Artigo 31<\/strong> \u2013 O mandato de cada Diretor ser\u00e1 de 01 (um) ano, sendo permitida sua recondu\u00e7\u00e3o, mais uma vez para o mesmo cargo.<\/p>\n<p><strong>\u00a7 1\u00ba<\/strong> &#8211; Perder\u00e1 o mandato o membro da Diretoria que faltar a tr\u00eas reuni\u00f5es consecutivas, sem causa \u00a0\u00a0\u00a0\u00a0\u00a0justificada.<\/p>\n<p><strong>\u00a7 2\u00ba<\/strong> &#8211; No caso de impedimento ou substitui\u00e7\u00e3o de qualquer membro da Diretoria, o Conselho Deliberativo tomar\u00e1 as devidas provid\u00eancias.<\/p>\n<p><strong>Artigo 32<\/strong> \u2013 O Conselho Fiscal, constitu\u00eddo de 03 (tr\u00eas) elementos, sendo 02 (dois) pais de alunos e 01(um)<\/p>\n<p>representante do quadro administrativo ou docente da Escola, tem por atribui\u00e7\u00e3o:<\/p>\n<p>I.\u00a0\u00a0\u00a0\u00a0\u00a0\u00a0\u00a0\u00a0\u00a0\u00a0\u00a0 verificar os balancetes semestrais e balan\u00e7os anuais apresentados pela Diretoria, emitindo parecer por escrito;<\/p>\n<p>II.\u00a0\u00a0\u00a0\u00a0\u00a0\u00a0\u00a0\u00a0\u00a0\u00a0\u00a0 assessorar a Diretoria na elabora\u00e7\u00e3o do Plano Anual de Trabalho na parte referente \u00e0 aplica\u00e7\u00e3o de \u00a0\u00a0\u00a0recursos;<\/p>\n<p>III.\u00a0\u00a0\u00a0\u00a0\u00a0\u00a0\u00a0\u00a0\u00a0\u00a0\u00a0 examinar, a qualquer tempo, os livros e documentos da Diretoria Financeira;<\/p>\n<p>IV.\u00a0\u00a0\u00a0\u00a0\u00a0\u00a0\u00a0\u00a0\u00a0\u00a0\u00a0\u00a0\u00a0\u00a0\u00a0\u00a0\u00a0\u00a0\u00a0\u00a0\u00a0\u00a0\u00a0 dar parecer, a pedido da Diretoria ou Conselho Deliberativo sobre resolu\u00e7\u00f5es que afetem as finan\u00e7as da \u00a0\u00a0\u00a0\u00a0APM;<\/p>\n<p>V.\u00a0\u00a0\u00a0\u00a0\u00a0\u00a0\u00a0\u00a0\u00a0\u00a0\u00a0 solicitar ao Conselho Deliberativo, se necess\u00e1rio, a contrata\u00e7\u00e3o de servi\u00e7os de auditoria<\/p>\n<p>cont\u00e1bil.<\/p>\n<p><strong>\u00a0\u00a0\u00a0\u00a0\u00a0\u00a0 Par\u00e1grafo \u00fanico: \u00a0<\/strong>O mandato dos Conselheiros ser\u00e1 de 01 (um) ano, sendo permitida a reelei\u00e7\u00e3o por<\/p>\n<p>mais \u00a0\u00a0uma vez.<\/p>\n<p><strong>Artigo 33<\/strong> &#8211; O Conselho Fiscal reunir-se-\u00e1, ordinariamente, a cada semestre e, extraordinariamente, mediante<\/p>\n<p>convoca\u00e7\u00e3o da maioria de seus membros ou Diretoria Executiva.<\/p>\n<p>&nbsp;<\/p>\n<p><strong>CAP\u00cdTULO IV<\/strong><\/p>\n<p><strong>Da Interven\u00e7\u00e3o<\/strong><\/p>\n<p><strong>Artigo 34<\/strong> &#8211; Sempre que as atividades da APM venham a contrariar as finalidades definidas neste Estatuto ou<\/p>\n<p>ferir a legisla\u00e7\u00e3o vigente, poder\u00e1 haver interven\u00e7\u00e3o, mediante solicita\u00e7\u00e3o da Dire\u00e7\u00e3o da escola ou de<\/p>\n<p>membros da Associa\u00e7\u00e3o \u00e0s autoridades competentes.<\/p>\n<p><strong>\u00a71\u00ba<\/strong>&#8211; O processo regular de apura\u00e7\u00e3o dos fatos ser\u00e1 feito pelos \u00f3rg\u00e3os competentes do Centro Estadual de Educa\u00e7\u00e3o Tecnol\u00f3gica Paula Souza &#8211; CEETEPS.<\/p>\n<p>\u00a72\u00ba- A interven\u00e7\u00e3o ser\u00e1 determinada pelo Diretor Superintendente do CEETEPS.<\/p>\n<p><strong>\u00a0<\/strong><\/p>\n<p><strong>CAP\u00cdTULO V<\/strong><\/p>\n<p><strong>Das Disposi\u00e7\u00f5es Finais<\/strong><\/p>\n<p><strong>Artigo 35<\/strong> &#8211; O Diretor da Escola poder\u00e1 participar das reuni\u00f5es da Diretoria Executiva, intervindo nos debates, prestando<\/p>\n<p>orienta\u00e7\u00e3o ou esclarecimento, ou fazendo constar em atas seus pontos de vista, mas sem direito a voto.<\/p>\n<p>&nbsp;<\/p>\n<p><strong>Artigo 36<\/strong> &#8211; \u00c9 vedado aos Conselheiros e Diretores:<\/p>\n<p>I- \u00a0\u00a0\u00a0receber qualquer tipo de remunera\u00e7\u00e3o e,<\/p>\n<p>II- \u00a0\u00a0estabelecer rela\u00e7\u00f5es contratuais com a APM deles pr\u00f3prios e de parentes at\u00e9 2\u00ba grau ou<\/p>\n<p>c\u00f4njuge.<\/p>\n<p><strong>Artigo 37 &#8211;<\/strong> Ocorrida vac\u00e2ncia de cargos do Conselho Deliberativo, do Conselho Fiscal ou da Diretoria<\/p>\n<p>Executiva, o preenchimento dos mesmos processar-se-\u00e1 por decis\u00e3o dos membros do respectivo<\/p>\n<p>\u00f3rg\u00e3o deliberativo que se reunir\u00e1 para este fim.<\/p>\n<p><strong>\u00a0\u00a0\u00a0\u00a0\u00a0\u00a0 Par\u00e1grafo \u00fanico:<\/strong> O preenchimento a que se refere este visa t\u00e3o somente \u00e0 conclus\u00e3o de<\/p>\n<p>mandato da vaga ocorrida.<\/p>\n<p><strong>Artigo 38<\/strong> &#8211; Ser\u00e3o afixados em quadro de avisos, os planos de atividades, not\u00edcias e atividades da Associa\u00e7\u00e3o,<\/p>\n<p>convites, convoca\u00e7\u00f5es e presta\u00e7\u00f5es de contas.<\/p>\n<p><strong>Artigo 39<\/strong> &#8211; O balan\u00e7o anual ser\u00e1 submetido \u00e0 aprecia\u00e7\u00e3o do Conselho Fiscal, que dever\u00e1 manifestar-se no prazo<\/p>\n<p>de 05 (cinco) dias, e at\u00e9 10 (dez) dias antes da convoca\u00e7\u00e3o da Assembleia geral.<\/p>\n<p><strong>Artigo 40<\/strong> &#8211; O Edital de convoca\u00e7\u00e3o da Assembl\u00e9ia Geral, com cinco dias de anteced\u00eancia da reuni\u00e3o, conter\u00e1:<\/p>\n<p><strong>\u00a0\u00a0\u00a0\u00a0 a)<\/strong> dia, local e hora da 1\u00aa e 2\u00aa convoca\u00e7\u00f5es;<\/p>\n<p><strong>\u00a0\u00a0\u00a0\u00a0 b)<\/strong> ordem do dia.<\/p>\n<p>\u00a7 1\u00ba &#8211; Al\u00e9m de ser afixado no quadro de avisos da escola, ser\u00e1 obrigat\u00f3rio o envio de circular aos<\/p>\n<p>\u00a7 2\u00ba &#8211; A convoca\u00e7\u00e3o da Assembl\u00e9ia Geral e dos demais \u00f3rg\u00e3os deliberativos far-se-\u00e1 na forma deste<\/p>\n<p>estatuto, garantido a 1\/5 (um quinto) dos associados o direito de promov\u00ea-la.<\/p>\n<p>Artigo 41 &#8211; A APM dever\u00e1 ser devidamente registrada junto aos \u00f3rg\u00e3os p\u00fablicos competentes.<\/p>\n<p><strong>Artigo 42<\/strong> &#8211; No exerc\u00edcio de suas atribui\u00e7\u00f5es, a APM manter\u00e1 rigoroso respeito \u00e0s disposi\u00e7\u00f5es legais, de modo a<\/p>\n<p>assegurar a observ\u00e2ncia dos princ\u00edpios fundamentais que norteiam a filosofia e pol\u00edtica educacionais do<\/p>\n<p><strong>Artigo 43<\/strong> &#8211; Cabe a APM deliberar sobre a administra\u00e7\u00e3o da cantina escolar e outros \u00f3rg\u00e3os, assim como, sobre a<\/p>\n<p>aplica\u00e7\u00e3o de seus recursos priorizados pelo Conselho de Escola.<\/p>\n<p><strong>Artigo 44<\/strong> &#8211; Os bens permanentes doados \u00e0 APM ou por ela adquiridos ser\u00e3o identificados, contabilizados,<\/p>\n<p>inventariados e integrar\u00e3o o seu patrim\u00f4nio.<\/p>\n<p><strong>Par\u00e1grafo \u00fanico:<\/strong> Os bens adquiridos com recursos p\u00fablicos, dever\u00e3o ser transferidos para integrar o<\/p>\n<p>patrim\u00f4nio do estabelecimento de ensino.<\/p>\n<p><strong>Artigo 45<\/strong> &#8211; A APM ter\u00e1 prazo indeterminado de dura\u00e7\u00e3o e somente poder\u00e1 ser dissolvida, por delibera\u00e7\u00e3o da<\/p>\n<p>Assembl\u00e9ia Geral, especialmente convocada para este fim<strong>,<\/strong> obedecidas as disposi\u00e7\u00f5es legais.<\/p>\n<p><strong>Artigo 46<\/strong> &#8211; Osmembros n\u00e3o respondem subsidiariamente pelas obriga\u00e7\u00f5es sociais assumidas em nome da APM.<\/p>\n<p><strong>Artigo 47<\/strong> &#8211; Em caso de dissolu\u00e7\u00e3o, os bens da APM passar\u00e3o a integrar o patrim\u00f4nio do estabelecimento de<\/p>\n<p>ensino respectivo, obedecida a legisla\u00e7\u00e3o vigente.<\/p>\n<p><strong>Artigo 48<\/strong> &#8211; Qualquer modifica\u00e7\u00e3o e ou adendo neste Estatuto dever\u00e1 ser submetida ao Conselho Deliberativo do<\/p>\n<p>Centro Estadual de Educa\u00e7\u00e3o Tecnol\u00f3gica Paula Souza &#8211; CEETEPS.<\/p>\n<p>&nbsp;<\/p>\n","protected":false},"excerpt":{"rendered":"<p>Plano de Trabalho da APM Membros da APM &nbsp; ESTATUTO SOCIAL DA ASSOCIA\u00c7\u00c3O DE PAIS E MESTRES DA ETEC IRM\u00c3 AGOSTINA CNPJ 14.456.684\/0001-45 VINCULADA A ESCOLA T\u00c9CNICA ESTUDUAL IRM\u00c3 AGOSTINA \u00a0 CAP\u00cdTULO I Da Institui\u00e7\u00e3o, da Natureza e Finalidade da Associa\u00e7\u00e3o \u00a0 SE\u00c7\u00c3O I Da Institui\u00e7\u00e3o Artigo 1\u00ba &#8211; A ASSOCIA\u00c7\u00c3O DE PAIS E MESTRES&nbsp;&hellip;<\/p>\n","protected":false},"author":2,"featured_media":0,"parent":0,"menu_order":0,"comment_status":"closed","ping_status":"open","template":"","meta":[],"_links":{"self":[{"href":"https:\/\/etecia.com.br\/index.php?rest_route=\/wp\/v2\/pages\/1023"}],"collection":[{"href":"https:\/\/etecia.com.br\/index.php?rest_route=\/wp\/v2\/pages"}],"about":[{"href":"https:\/\/etecia.com.br\/index.php?rest_route=\/wp\/v2\/types\/page"}],"author":[{"embeddable":true,"href":"https:\/\/etecia.com.br\/index.php?rest_route=\/wp\/v2\/users\/2"}],"replies":[{"embeddable":true,"href":"https:\/\/etecia.com.br\/index.php?rest_route=%2Fwp%2Fv2%2Fcomments&post=1023"}],"version-history":[{"count":0,"href":"https:\/\/etecia.com.br\/index.php?rest_route=\/wp\/v2\/pages\/1023\/revisions"}],"wp:attachment":[{"href":"https:\/\/etecia.com.br\/index.php?rest_route=%2Fwp%2Fv2%2Fmedia&parent=1023"}],"curies":[{"name":"wp","href":"https:\/\/api.w.org\/{rel}","templated":true}]}}